{"id":3208,"date":"2021-06-07T06:49:14","date_gmt":"2021-06-07T06:49:14","guid":{"rendered":"https:\/\/chirodermatologie.ro\/?page_id=3208"},"modified":"2025-11-20T09:36:47","modified_gmt":"2025-11-20T07:36:47","slug":"medicii-nostri","status":"publish","type":"page","link":"https:\/\/chirodermatologie.ro\/hu\/medicii-nostri\/","title":{"rendered":"Csapatunk"},"content":{"rendered":"<p><section class=\"fw-main-row  ls section_padding_top_50 section_padding_bottom_25 columns_padding_0\" style=\"\" >\n\t<div class=\"container\">\n\t\t<div class=\"row\">\n\t\t\t<div  id=\"column-a16a641\" class=\"fw-column fw-column col-xs-12\" >\n\n\t<div class=\"column-overlay\"><\/div>\n\n\t<div class=\"fw-column-inner\"><div class=\"text-block\">\n\t<div class=\"cta-wrapper\"><div class=\"details-wrapper flex-col justify-center\"><h2>A legjobb eg\u00e9szs\u00e9g\u00fcgyi ell\u00e1t\u00e1sra v\u00e1gyik?<\/h2><p>Id\u0151pont egyeztet\u00e9s.<\/p><\/div><p><a class=\"pink-cta-button\" href=\"https:\/\/chirodermatologie.ro\/hu\/vreau-o-programare\/\">Szeretn\u00e9k id\u0151pontot k\u00e9rni!<\/a><\/p><div class=\"clearfix\"><\/div><\/div><\/div>\n<div class=\"text-center\">\n\t<h3 class=\"section_header\">\n\t<span class=\"\">\n\t\tCsapatunk\t<\/span>\n\t<\/h3>\n<\/div>\n\t<div class=\"fw-divider-line\"><hr\/><\/div>\n\n\n\n\n\t<div class=\"fw-divider-space\" style=\"margin-top: 50px;\"><\/div>\n    <\/div>\n<\/div>\n<div  id=\"column-4f24b05\" class=\"fw-column fw-column col-xs-12 col-md-6\" >\n\n\t<div class=\"column-overlay\"><\/div>\n\n\t<div class=\"fw-column-inner\"><div class=\"vertical-item  text-center\">\n\n\t\n\t\t<div class=\"item-media\">\n\t\t\t<img decoding=\"async\" src=\"\/\/chirodermatologie.ro\/wp-content\/uploads\/2024\/01\/CHIRODERMA-v2-scaled.jpg\"\n\t\t\t     alt=\"Chiroderma csapat\">\n\t\t\t\t\t\t\t<div class=\"media-links\">\n\t\t\t\t\t<a class=\"abs-link\" href=\"https:\/\/www.facebook.com\/Chirodermatologie\"><\/a>\n\t\t\t\t<\/div>\n\t\t\t\t\t<\/div>\n\n\t\n\t<div class=\"item-content\">\n\t\t\t\t<h3>\n\t\t\t\t<a href=\"https:\/\/www.facebook.com\/Chirodermatologie\">\n\t\t\t\t\t\tChiroderma csapat\t\t\t\t\t<\/a>\n\t\t<\/h3>\n\t\t\t<\/div>\n\n<\/div><!-- eof .vertical-item -->\n    <\/div>\n<\/div>\n<div  id=\"column-c78bf9c\" class=\"fw-column fw-column col-xs-12 col-md-6\" >\n\n\t<div class=\"column-overlay\"><\/div>\n\n\t<div class=\"fw-column-inner\"><div class=\"vertical-item  text-center\">\n\n\t\n\t\t<div class=\"item-media\">\n\t\t\t<img decoding=\"async\" src=\"\/\/chirodermatologie.ro\/wp-content\/uploads\/2024\/01\/echipa-szava-dent-scaled.jpg\"\n\t\t\t     alt=\"Echipa Szava Dent\">\n\t\t\t\t\t<\/div>\n\n\t\n\t<div class=\"item-content\">\n\t\t\t\t<h3>\n\t\t\t\t\tEchipa Szava Dent\t\t\t\t<\/h3>\n\t\t\t<\/div>\n\n<\/div><!-- eof .vertical-item -->\n    <\/div>\n<\/div>\n\t\t<\/div>\n\t<\/div>\n<\/section>\n<section class=\"fw-main-row  ls section_padding_top_0 section_padding_bottom_0 columns_padding_15\" style=\"\" >\n\t<div class=\"container\">\n\t\t<div class=\"row\">\n\t\t\t<div  id=\"column-8229b4f\" class=\"fw-column fw-column col-xs-12\" >\n\n\t<div class=\"column-overlay\"><\/div>\n\n\t<div class=\"fw-column-inner\"><div class=\"side-item no-content-padding\">\n\t<div class=\"row\">\n\t\t\t\t\t<div\n\t\t\t\tclass=\"col-lg-4 col-md-4 col-sm-3 col-xs-3\">\n\t\t\t\t<div class=\"item-media\">\n\t\t\t\t\t<img decoding=\"async\" src=\"\/\/chirodermatologie.ro\/wp-content\/uploads\/2021\/06\/DR.-SZAVA-GYORGY-DANIEL-scaled-e1624018846404.jpg\"\n\t\t\t\t\t     alt=\"Dr.  Sz\u00e1va Gy\u00f6rgy D\u00e1niel\">\n\t\t\t\t\t\t\t\t\t<\/div>\n\t\t\t<\/div> <!-- eof image .col-* -->\n\t\t\t\t<div\n\t\t\tclass=\"col-lg-8 col-md-8 col-sm-9 col-xs-9\">\n\t\t\t<div class=\"item-content\">\n\t\t\t\t\t\t\t\t<h3>\n\t\t\t\t\t\t\t\t\tDr.  Sz\u00e1va Gy\u00f6rgy D\u00e1niel\t\t\t\t\t\t\t\t<\/h3>\n\t\t\t\t\t\t<p>Az SCJUM I. Seb\u00e9szeti Klinik\u00e1j\u00e1nak els\u0151dleges \u00e1ltal\u00e1nos seb\u00e9sze, sz\u00e9lesk\u00f6r\u0171 tapasztalattal rendelkezik mind az \u00e1ltal\u00e1nos seb\u00e9szet, mind a b\u0151rgy\u00f3gy\u00e1szati seb\u00e9szet ter\u00fclet\u00e9n.<\/p>\t\t\t\t\t\t\t\t<\/div>\n\t<\/div><!-- eof text .col-* -->\n<\/div><!-- eof .row -->\n<\/div><!-- eof .side-item -->\n<div class=\"side-item no-content-padding\">\n\t<div class=\"row\">\n\t\t\t\t\t<div\n\t\t\t\tclass=\"col-lg-4 col-lg-push-8 col-md-4 col-md-push-8 col-sm-3 col-sm-push-9 col-xs-3 col-xs-push-9\">\n\t\t\t\t<div class=\"item-media\">\n\t\t\t\t\t<img decoding=\"async\" src=\"\/\/chirodermatologie.ro\/wp-content\/uploads\/2024\/02\/DR-SZAVA-ANDREA--scaled.jpg\"\n\t\t\t\t\t     alt=\"Dr. Sz\u00e1va Andrea\">\n\t\t\t\t\t\t\t\t\t<\/div>\n\t\t\t<\/div> <!-- eof image .col-* -->\n\t\t\t\t<div\n\t\t\tclass=\"col-lg-8 col-lg-pull-4 col-md-8 col-md-pull-4 col-sm-9 col-sm-pull-3 col-xs-9 col-xs-pull-3\">\n\t\t\t<div class=\"item-content\">\n\t\t\t\t\t\t\t\t<h3>\n\t\t\t\t\t\t\t\t\tDr. Sz\u00e1va Andrea\t\t\t\t\t\t\t\t<\/h3>\n\t\t\t\t\t\t<p>B\u0151rgy\u00f3gy\u00e1sz f\u0151orvos ebben az eg\u00e9szs\u00e9g\u00fcgyi k\u00f6zpontban, az UMF Tg.Mure\u0219 2012-es \u00e9vfolyam\u00e1n v\u00e9gzett. B\u0151rgy\u00f3gy\u00e1szk\u00e9nt a b\u0151rgy\u00f3gy\u00e1szat \u00e9s az eszt\u00e9tika ter\u00fclet\u00e9n szerzett ismereteit \u00e9s tapasztalatait mind rezidensk\u00e9nt (Szeged, Budapest \u00e9s Marosv\u00e1s\u00e1rhely), mind szakorvosk\u00e9nt a k\u00fcl\u00f6nb\u00f6z\u0151 tov\u00e1bbk\u00e9pz\u00e9seken \u00e9s kongresszusokon val\u00f3 folyamatos r\u00e9szv\u00e9tel r\u00e9v\u00e9n szerezte. \u00c9rdekl\u0151d\u00e9si ter\u00fcletei a feln\u0151tt \u00e9s gyermek b\u0151rgy\u00f3gy\u00e1szat, dermatoszk\u00f3pia, b\u0151reszt\u00e9tika. Tagja az Eur\u00f3pai B\u0151rgy\u00f3gy\u00e1szati \u00e9s Nemik\u00f3rtani Akad\u00e9mi\u00e1nak (EADV), a Rom\u00e1n B\u0151rgy\u00f3gy\u00e1szati-Onkol\u00f3giai T\u00e1rsas\u00e1gnak (SRDO), a Rom\u00e1n B\u0151rgy\u00f3gy\u00e1szati T\u00e1rsas\u00e1gnak, a Rom\u00e1n B\u0151rgy\u00f3gy\u00e1szati T\u00e1rsas\u00e1gnak (SRD), a Magyar Dermatol\u00f3giai T\u00e1rsas\u00e1gnak (MDT), a Nemzetk\u00f6zi Dermatoszk\u00f3piai T\u00e1rsas\u00e1gnak (IDS) \u00e9s a Nemi \u00faton terjed\u0151 fert\u0151z\u00e9sek elleni nemzetk\u00f6zi sz\u00f6vets\u00e9gnek (IUSTI).<\/p>\t\t\t\t\t\t\t\t<\/div>\n\t<\/div><!-- eof text .col-* -->\n<\/div><!-- eof .row -->\n<\/div><!-- eof .side-item -->\n<div class=\"side-item no-content-padding\">\n\t<div class=\"row\">\n\t\t\t\t\t<div\n\t\t\t\tclass=\"col-lg-4 col-md-4 col-sm-3 col-xs-3\">\n\t\t\t\t<div class=\"item-media\">\n\t\t\t\t\t<img decoding=\"async\" src=\"\/\/chirodermatologie.ro\/wp-content\/uploads\/2024\/02\/DR-SZAVA-DANIEL-TAMAS-scaled.jpg\"\n\t\t\t\t\t     alt=\"Dr. Sz\u00e1va D\u00e1niel Tam\u00e1s\">\n\t\t\t\t\t\t\t\t\t<\/div>\n\t\t\t<\/div> <!-- eof image .col-* -->\n\t\t\t\t<div\n\t\t\tclass=\"col-lg-8 col-md-8 col-sm-9 col-xs-9\">\n\t\t\t<div class=\"item-content\">\n\t\t\t\t\t\t\t\t<h3>\n\t\t\t\t\t\t\t\t\tDr. Sz\u00e1va D\u00e1niel Tam\u00e1s\t\t\t\t\t\t\t\t<\/h3>\n\t\t\t\t\t\t<p><span style=\"font-weight: 400\">A marosv\u00e1s\u00e1rhelyi Fogorvosi Karon 2011-ben \u00e9vfolyamels\u0151k\u00e9nt v\u00e9gzett. Arc-, \u00e1llcsont- \u00e9s sz\u00e1jseb\u00e9sz szakorvos, fogorvos, az UMFST Tg.Mure\u0219, OMF Seb\u00e9szeti Oszt\u00e1ly\u00e1nak vezet\u0151je. Tapasztalatai \u00e9s \u00e9rdekl\u0151d\u00e9si k\u00f6re sz\u00e9lesk\u00f6r\u0171, munk\u00e1ja egy\u00e9rtelm\u0171en bizony\u00edtja OMF seb\u00e9szi, de fogorvosi kvalit\u00e1sait is. Szak\u00e9rt\u0151je az arc, a sz\u00e1j\u00fcreg \u00e9s a garat j\u00f3- \u00e9s rosszindulat\u00fa daganatainak seb\u00e9szeti kezel\u00e9s\u00e9nek, a fog\u00e1szati implantol\u00f3gi\u00e1nak, a dento-alveol\u00e1ris seb\u00e9szetnek (seb\u00e9szi extrakci\u00f3k, apik\u00e1lis reszekci\u00f3k, odontekt\u00f3mi\u00e1k), a csontp\u00f3tl\u00e1si technik\u00e1knak, valamint \u00e1ltal\u00e1nos fog\u00e1szatot, fog\u00e1szati implant\u00e1ci\u00f3s fogszab\u00e1lyoz\u00e1st, fogp\u00f3tl\u00e1st, konzervat\u00edv \u00e9s restaurat\u00edv fog\u00e1szati kezel\u00e9seket v\u00e9gez. K\u00f6nyvek \u00e9s sz\u00e1mos ISI-list\u00e1n szerepl\u0151 cikk szerz\u0151je \u00e9s t\u00e1rsszerz\u0151je.<\/span><\/p>\t\t\t\t\t\t\t\t<\/div>\n\t<\/div><!-- eof text .col-* -->\n<\/div><!-- eof .row -->\n<\/div><!-- eof .side-item -->\n<div class=\"side-item no-content-padding\">\n\t<div class=\"row\">\n\t\t\t\t\t<div\n\t\t\t\tclass=\"col-lg-4 col-lg-push-8 col-md-4 col-md-push-8 col-sm-3 col-sm-push-9 col-xs-3 col-xs-push-9\">\n\t\t\t\t<div class=\"item-media\">\n\t\t\t\t\t<img decoding=\"async\" src=\"\/\/chirodermatologie.ro\/wp-content\/uploads\/2024\/02\/BSS_0263-v2-scaled.jpg\"\n\t\t\t\t\t     alt=\"Dr. Kiss Melinda\">\n\t\t\t\t\t\t\t\t\t<\/div>\n\t\t\t<\/div> <!-- eof image .col-* -->\n\t\t\t\t<div\n\t\t\tclass=\"col-lg-8 col-lg-pull-4 col-md-8 col-md-pull-4 col-sm-9 col-sm-pull-3 col-xs-9 col-xs-pull-3\">\n\t\t\t<div class=\"item-content\">\n\t\t\t\t\t\t\t\t<h3>\n\t\t\t\t\t\t\t\t\tDr. Kiss Melinda\t\t\t\t\t\t\t\t<\/h3>\n\t\t\t\t\t\t<p>Az eg\u00e9szs\u00e9g\u00fcgyi k\u00f6zpont megbecs\u00fclt b\u0151rgy\u00f3gy\u00e1sza, Dr. Kiss Melinda b\u0151r-venerol\u00f3gus szakorvos, aki t\u00f6bb egyetemi k\u00f6zpontban - Marosv\u00e1s\u00e1rhelyen, Kolozsv\u00e1ron \u00e9s Budapesten - szerzett k\u00e9pz\u00e9st, a bizony\u00edt\u00e9kokon alapul\u00f3 orvosl\u00e1s h\u00edve, \u00e9rdekl\u0151d\u00e9si ter\u00fcletei k\u00f6z\u00e9 tartozik a melanocit\u00e1s k\u00e9pz\u0151dm\u00e9nyek dermoszk\u00f3pi\u00e1ja, autoimmun betegs\u00e9gek, trichoszk\u00f3pia, gyermekb\u0151rgy\u00f3gy\u00e1szat, venerol\u00f3gia \u00e9s eszt\u00e9tikai b\u0151rgy\u00f3gy\u00e1szat.<\/p>\t\t\t\t\t\t\t\t<\/div>\n\t<\/div><!-- eof text .col-* -->\n<\/div><!-- eof .row -->\n<\/div><!-- eof .side-item -->\n<div class=\"side-item no-content-padding\">\n\t<div class=\"row\">\n\t\t\t\t\t<div\n\t\t\t\tclass=\"col-lg-4 col-md-4 col-sm-3 col-xs-3\">\n\t\t\t\t<div class=\"item-media\">\n\t\t\t\t\t<img decoding=\"async\" src=\"\/\/chirodermatologie.ro\/wp-content\/uploads\/2024\/02\/DR-SUTO-ANTONIA-ANDREA-scaled.jpg\"\n\t\t\t\t\t     alt=\"Dr. S\u00fct\u0151 Ant\u00f3nia Andrea\">\n\t\t\t\t\t\t\t\t\t<\/div>\n\t\t\t<\/div> <!-- eof image .col-* -->\n\t\t\t\t<div\n\t\t\tclass=\"col-lg-8 col-md-8 col-sm-9 col-xs-9\">\n\t\t\t<div class=\"item-content\">\n\t\t\t\t\t\t\t\t<h3>\n\t\t\t\t\t\t\t\t\tDr. S\u00fct\u0151 Ant\u00f3nia Andrea\t\t\t\t\t\t\t\t<\/h3>\n\t\t\t\t\t\t<p><span style=\"font-weight: 400\">A Marosv\u00e1s\u00e1rhelyi Orvosi \u00e9s Gy\u00f3gyszer\u00e9szeti Egyetem Fogorvosi Kar\u00e1n 2015-ben v\u00e9gzett oszt\u00e1lyf\u0151n\u00f6kk\u00e9nt, majd a fogszab\u00e1lyoz\u00e1s \u00e9s a dentofaci\u00e1lis ortop\u00e9dia szakir\u00e1ny\u00fa rezidensk\u00e9pz\u00e9sben vett r\u00e9szt. A rezidens \u00e9vei alatt rengeteg tapasztalatot szerzett, ami az\u00f3ta is folyamatosan gyarapszik. Szeret gyerekekkel dolgozni, \u00e9s ez a szakter\u00fclet v\u00e1ltozatos a betegek \u00e9letkor\u00e1t \u00e9s a kezelend\u0151 eseteket tekintve. C\u00e9lja, hogy minden p\u00e1ciens el\u00e9gedett legyen a fogszab\u00e1lyoz\u00e1s ut\u00e1n, \u00e9s tart\u00f3s eredm\u00e9nyeket \u00e9rjen el.<\/span><\/p>\t\t\t\t\t\t\t\t<\/div>\n\t<\/div><!-- eof text .col-* -->\n<\/div><!-- eof .row -->\n<\/div><!-- eof .side-item -->\n<div class=\"side-item no-content-padding\">\n\t<div class=\"row\">\n\t\t\t\t\t<div\n\t\t\t\tclass=\"col-lg-4 col-lg-push-8 col-md-4 col-md-push-8 col-sm-3 col-sm-push-9 col-xs-3 col-xs-push-9\">\n\t\t\t\t<div class=\"item-media\">\n\t\t\t\t\t<img decoding=\"async\" src=\"\/\/chirodermatologie.ro\/wp-content\/uploads\/2021\/10\/DR.-MAZINGER-ZSOLT.jpg\"\n\t\t\t\t\t     alt=\"Dr. Mazinger Zsolt\">\n\t\t\t\t\t\t\t\t\t<\/div>\n\t\t\t<\/div> <!-- eof image .col-* -->\n\t\t\t\t<div\n\t\t\tclass=\"col-lg-8 col-lg-pull-4 col-md-8 col-md-pull-4 col-sm-9 col-sm-pull-3 col-xs-9 col-xs-pull-3\">\n\t\t\t<div class=\"item-content\">\n\t\t\t\t\t\t\t\t<h3>\n\t\t\t\t\t\t\t\t\tDr. Mazinger Zsolt\t\t\t\t\t\t\t\t<\/h3>\n\t\t\t\t\t\t<p>Fogorvos, a marosv\u00e1s\u00e1rhelyi Fogorvosi Karon v\u00e9gzett. Tanulm\u00e1nyai befejez\u00e9se ut\u00e1n t\u00f6bb fogorvosi rendel\u0151ben kezdett dolgozni, 2018 \u00f3ta a Sz\u00e1va Dent csapat\u00e1nak tagja, ahol professzionalizmussal \u00e9s elhivatotts\u00e1ggal dolgozik. F\u0151 \u00e9rdekl\u0151d\u00e9si ter\u00fclete az eszt\u00e9tikai \u00e9s funkcion\u00e1lis fogak konzerv\u00e1l\u00f3 \u00e9s helyre\u00e1ll\u00edt\u00f3 fog\u00e1szata, de a gyermekfog\u00e1szat ir\u00e1nt is vonz\u00f3dik.<\/p>\t\t\t\t\t\t\t\t<\/div>\n\t<\/div><!-- eof text .col-* -->\n<\/div><!-- eof .row -->\n<\/div><!-- eof .side-item -->\n<div class=\"side-item no-content-padding\">\n\t<div class=\"row\">\n\t\t\t\t\t<div\n\t\t\t\tclass=\"col-lg-4 col-md-4 col-sm-3 col-xs-3\">\n\t\t\t\t<div class=\"item-media\">\n\t\t\t\t\t<img decoding=\"async\" src=\"\/\/chirodermatologie.ro\/wp-content\/uploads\/2024\/02\/Dr.-Szava-Andras-Janos-scaled.jpg\"\n\t\t\t\t\t     alt=\"Dr. Sz\u00e1va Andr\u00e1s J\u00e1nos\">\n\t\t\t\t\t\t\t\t\t<\/div>\n\t\t\t<\/div> <!-- eof image .col-* -->\n\t\t\t\t<div\n\t\t\tclass=\"col-lg-8 col-md-8 col-sm-9 col-xs-9\">\n\t\t\t<div class=\"item-content\">\n\t\t\t\t\t\t\t\t<h3>\n\t\t\t\t\t\t\t\t\tDr. Sz\u00e1va Andr\u00e1s J\u00e1nos\t\t\t\t\t\t\t\t<\/h3>\n\t\t\t\t\t\t<p>Implantol\u00f3giai szak\u00e9rtelemmel rendelkez\u0151 fogorvos, a Sz\u00e1va Dent Klinika alap\u00edt\u00f3ja, a Tg. fogorvostudom\u00e1nyi Karon v\u00e9gzett fogorvos. Marosv\u00e1s\u00e1rhely.<br \/>Elk\u00f6telezett orvos, a perfekcionizmus h\u00edve, ugyanakkor nyugodt \u00e9s empatikus ember.<br \/>A szakmai fejl\u0151d\u00e9s \u00e9rdek\u00e9ben \u00e9vente r\u00e9szt vesz k\u00fcl\u00f6nb\u00f6z\u0151 tanfolyamokon \u00e9s kongresszusokon.<br \/>Szenved\u00e9lye az endodoncia.<br \/>Az implantol\u00f3giai szakk\u00e9pes\u00edt\u00e9st Bukarestben szerezte meg, ahol elv\u00e9gezte a Biolase tanfolyamot is.<\/p>\t\t\t\t\t\t\t\t<\/div>\n\t<\/div><!-- eof text .col-* -->\n<\/div><!-- eof .row -->\n<\/div><!-- eof .side-item -->\n<div class=\"side-item no-content-padding\">\n\t<div class=\"row\">\n\t\t\t\t\t<div\n\t\t\t\tclass=\"col-lg-4 col-lg-push-8 col-md-4 col-md-push-8 col-sm-3 col-sm-push-9 col-xs-3 col-xs-push-9\">\n\t\t\t\t<div class=\"item-media\">\n\t\t\t\t\t<img decoding=\"async\" src=\"\/\/chirodermatologie.ro\/wp-content\/uploads\/2024\/02\/Asist-Balazs-Erzsebet-scaled.jpg\"\n\t\t\t\t\t     alt=\"Balazs Erzs\u00e9bet - Asistent medical generalist\">\n\t\t\t\t\t\t\t\t\t<\/div>\n\t\t\t<\/div> <!-- eof image .col-* -->\n\t\t\t\t<div\n\t\t\tclass=\"col-lg-8 col-lg-pull-4 col-md-8 col-md-pull-4 col-sm-9 col-sm-pull-3 col-xs-9 col-xs-pull-3\">\n\t\t\t<div class=\"item-content\">\n\t\t\t\t\t\t\t\t<h3>\n\t\t\t\t\t\t\t\t\tBalazs Erzs\u00e9bet - Asistent medical generalist\t\t\t\t\t\t\t\t<\/h3>\n\t\t\t\t\t\t<p>\u00c1ltal\u00e1nos \u00e1pol\u00f3n\u0151. Szorgalmas, ambici\u00f3zus, elsz\u00e1nt ember.<\/p>\t\t\t\t\t\t\t\t<\/div>\n\t<\/div><!-- eof text .col-* -->\n<\/div><!-- eof .row -->\n<\/div><!-- eof .side-item -->\n<div class=\"side-item no-content-padding\">\n\t<div class=\"row\">\n\t\t\t\t\t<div\n\t\t\t\tclass=\"col-lg-4 col-md-4 col-sm-3 col-xs-3\">\n\t\t\t\t<div class=\"item-media\">\n\t\t\t\t\t<img decoding=\"async\" src=\"\/\/chirodermatologie.ro\/wp-content\/uploads\/2024\/02\/ASISTENTA-BAKI-IZABELLA-scaled.jpg\"\n\t\t\t\t\t     alt=\"Baki Izabella - vezet\u0151 orvosi asszisztens\">\n\t\t\t\t\t\t\t\t\t<\/div>\n\t\t\t<\/div> <!-- eof image .col-* -->\n\t\t\t\t<div\n\t\t\tclass=\"col-lg-8 col-md-8 col-sm-9 col-xs-9\">\n\t\t\t<div class=\"item-content\">\n\t\t\t\t\t\t\t\t<h3>\n\t\t\t\t\t\t\t\t\tBaki Izabella - vezet\u0151 orvosi asszisztens\t\t\t\t\t\t\t\t<\/h3>\n\t\t\t\t\t\t<p>T\u00f6bb mint 11 \u00e9ves tapasztalattal rendelkez\u0151 vezet\u0151 eg\u00e9szs\u00e9g\u00fcgyi asszisztens, aki a PTE SMURD-n \u00e9s a Marosv\u00e1s\u00e1rhelyi Orvosi \u00e9s Gy\u00f3gyszer\u00e9szeti Egyetemn\u00e9l az \u00e9vek sor\u00e1n megszerzett tud\u00e1s\u00e1t k\u00fcl\u00f6nb\u00f6z\u0151 k\u00e9pz\u00e9seken val\u00f3 r\u00e9szv\u00e9tellel m\u00e9ly\u00edtette el. Kedves, mosolyg\u00f3s, empatikus szem\u00e9lyis\u00e9g, aki mindig a Szava Fog\u00e1szati Klinika p\u00e1cienseinek rendelkez\u00e9s\u00e9re \u00e1ll. Feladatait professzion\u00e1lisan \u00e9s szenved\u00e9lyesen v\u00e9gzi.<\/p>\t\t\t\t\t\t\t\t<\/div>\n\t<\/div><!-- eof text .col-* -->\n<\/div><!-- eof .row -->\n<\/div><!-- eof .side-item -->\n<div class=\"side-item no-content-padding\">\n\t<div class=\"row\">\n\t\t\t\t\t<div\n\t\t\t\tclass=\"col-lg-4 col-lg-push-8 col-md-4 col-md-push-8 col-sm-3 col-sm-push-9 col-xs-3 col-xs-push-9\">\n\t\t\t\t<div class=\"item-media\">\n\t\t\t\t\t<img decoding=\"async\" src=\"\/\/chirodermatologie.ro\/wp-content\/uploads\/2024\/02\/ASIST-NAGY-EDINA-scaled.jpg\"\n\t\t\t\t\t     alt=\"Nagy Edina - Asistent medical generalist\">\n\t\t\t\t\t\t\t\t\t<\/div>\n\t\t\t<\/div> <!-- eof image .col-* -->\n\t\t\t\t<div\n\t\t\tclass=\"col-lg-8 col-lg-pull-4 col-md-8 col-md-pull-4 col-sm-9 col-sm-pull-3 col-xs-9 col-xs-pull-3\">\n\t\t\t<div class=\"item-content\">\n\t\t\t\t\t\t\t\t<h3>\n\t\t\t\t\t\t\t\t\tNagy Edina - Asistent medical generalist\t\t\t\t\t\t\t\t<\/h3>\n\t\t\t\t\t\t<p>\u00c1ltal\u00e1nos orvosi asszisztens, a Gheorghe Marinescu Poszliceum v\u00e9gz\u0151se, egy komoly, lelkiismeretes, ambici\u00f3zus szem\u00e9ly, akire mindig lehet sz\u00e1m\u00edtani.<\/p>\t\t\t\t\t\t\t\t<\/div>\n\t<\/div><!-- eof text .col-* -->\n<\/div><!-- eof .row -->\n<\/div><!-- eof .side-item -->\n<div class=\"side-item no-content-padding\">\n\t<div class=\"row\">\n\t\t\t\t\t<div\n\t\t\t\tclass=\"col-lg-4 col-md-4 col-sm-3 col-xs-3\">\n\t\t\t\t<div class=\"item-media\">\n\t\t\t\t\t<img decoding=\"async\" src=\"\/\/chirodermatologie.ro\/wp-content\/uploads\/2024\/02\/ASIST-BODOR-ERIKA-scaled.jpg\"\n\t\t\t\t\t     alt=\"Bodor Erika - Asistent medical generalist\">\n\t\t\t\t\t\t\t\t\t<\/div>\n\t\t\t<\/div> <!-- eof image .col-* -->\n\t\t\t\t<div\n\t\t\tclass=\"col-lg-8 col-md-8 col-sm-9 col-xs-9\">\n\t\t\t<div class=\"item-content\">\n\t\t\t\t\t\t\t\t<h3>\n\t\t\t\t\t\t\t\t\tBodor Erika - Asistent medical generalist\t\t\t\t\t\t\t\t<\/h3>\n\t\t\t\t\t\t<p>\u00c1ltal\u00e1nos orvosi asszisztens, a MOGYTTE v\u00e9gz\u0151se, egy dinamikus, empartikus szem\u00e9ly, aki mindig k\u00e9sz a p\u00e1cienseknek seg\u00edteni.<\/p>\t\t\t\t\t\t\t\t<\/div>\n\t<\/div><!-- eof text .col-* -->\n<\/div><!-- eof .row -->\n<\/div><!-- eof .side-item -->\n<div class=\"side-item no-content-padding\">\n\t<div class=\"row\">\n\t\t\t\t\t<div\n\t\t\t\tclass=\"col-lg-4 col-lg-push-8 col-md-4 col-md-push-8 col-sm-3 col-sm-push-9 col-xs-3 col-xs-push-9\">\n\t\t\t\t<div class=\"item-media\">\n\t\t\t\t\t<img decoding=\"async\" src=\"\/\/chirodermatologie.ro\/wp-content\/uploads\/2024\/02\/Asist-Balog-Linda-scaled.jpg\"\n\t\t\t\t\t     alt=\"Balog Linda - Asistent medical generalist\">\n\t\t\t\t\t\t\t\t\t<\/div>\n\t\t\t<\/div> <!-- eof image .col-* -->\n\t\t\t\t<div\n\t\t\tclass=\"col-lg-8 col-lg-pull-4 col-md-8 col-md-pull-4 col-sm-9 col-sm-pull-3 col-xs-9 col-xs-pull-3\">\n\t\t\t<div class=\"item-content\">\n\t\t\t\t\t\t\t\t<h3>\n\t\t\t\t\t\t\t\t\tBalog Linda - Asistent medical generalist\t\t\t\t\t\t\t\t<\/h3>\n\t\t\t\t\t\t<p>\u00c1ltal\u00e1nos asszisztens, a Marosv\u00e1s\u00e1rhelyi Reform\u00e1tus Posztl\u00edceum v\u00e9gz\u0151se, egy mosolyg\u00f3s, vid\u00e1m szem\u00e9ly.<\/p>\t\t\t\t\t\t\t\t<\/div>\n\t<\/div><!-- eof text .col-* -->\n<\/div><!-- eof .row -->\n<\/div><!-- eof .side-item -->\n    <\/div>\n<\/div>\n\t\t<\/div>\n\t<\/div>\n<\/section>\n<\/p>","protected":false},"excerpt":{"rendered":"<p>Vrei s\u0103 ai parte de servicii medicale la rang de excelen\u021b\u0103?Programeaz\u0103 o consulta\u021bie.Vreau o programare! Echipa noastr\u0103 Echipa Chiroderma Echipa<\/p>","protected":false},"author":1,"featured_media":0,"parent":0,"menu_order":0,"comment_status":"closed","ping_status":"closed","template":"","meta":{"footnotes":""},"class_list":["post-3208","page","type-page","status-publish","hentry"],"yoast_head":"<!-- This site is optimized with the Yoast SEO plugin v24.9 - https:\/\/yoast.com\/wordpress\/plugins\/seo\/ -->\n<title>Echipa Chiroderma - Dermatologie Mures - Medici specialisti<\/title>\n<meta name=\"description\" content=\"Dermatologie Mures - clinica de dermatologie si medici specialisti. Medic dermatolog, echipa noastra Chirodermatologie in Targu Mures.\" \/>\n<meta name=\"robots\" content=\"index, follow, max-snippet:-1, max-image-preview:large, max-video-preview:-1\" \/>\n<link rel=\"canonical\" href=\"https:\/\/chirodermatologie.ro\/hu\/medicii-nostri\/\" \/>\n<meta property=\"og:locale\" content=\"hu_HU\" \/>\n<meta property=\"og:type\" content=\"article\" \/>\n<meta property=\"og:title\" content=\"Echipa Chiroderma - Dermatologie Mures - Medici specialisti\" \/>\n<meta property=\"og:description\" content=\"Dermatologie Mures - clinica de dermatologie si medici specialisti. Medic dermatolog, echipa noastra Chirodermatologie in Targu Mures.\" \/>\n<meta property=\"og:url\" content=\"https:\/\/chirodermatologie.ro\/hu\/medicii-nostri\/\" \/>\n<meta property=\"og:site_name\" content=\"Chirodermatologie\" \/>\n<meta property=\"article:publisher\" content=\"https:\/\/www.facebook.com\/Chirodermatologie\/?ref=pages_you_manage\" \/>\n<meta property=\"article:modified_time\" content=\"2025-11-20T07:36:47+00:00\" \/>\n<meta name=\"twitter:card\" content=\"summary_large_image\" \/>\n<meta name=\"twitter:label1\" content=\"Becs\u00fclt olvas\u00e1si id\u0151\" \/>\n\t<meta name=\"twitter:data1\" content=\"7 perc\" \/>\n<script type=\"application\/ld+json\" class=\"yoast-schema-graph\">{\"@context\":\"https:\/\/schema.org\",\"@graph\":[{\"@type\":\"WebPage\",\"@id\":\"https:\/\/chirodermatologie.ro\/medicii-nostri\/\",\"url\":\"https:\/\/chirodermatologie.ro\/medicii-nostri\/\",\"name\":\"Echipa Chiroderma - Dermatologie Mures - Medici specialisti\",\"isPartOf\":{\"@id\":\"https:\/\/chirodermatologie.ro\/#website\"},\"datePublished\":\"2021-06-07T06:49:14+00:00\",\"dateModified\":\"2025-11-20T07:36:47+00:00\",\"description\":\"Dermatologie Mures - clinica de dermatologie si medici specialisti. Medic dermatolog, echipa noastra Chirodermatologie in Targu Mures.\",\"breadcrumb\":{\"@id\":\"https:\/\/chirodermatologie.ro\/medicii-nostri\/#breadcrumb\"},\"inLanguage\":\"hu\",\"potentialAction\":[{\"@type\":\"ReadAction\",\"target\":[\"https:\/\/chirodermatologie.ro\/medicii-nostri\/\"]}]},{\"@type\":\"BreadcrumbList\",\"@id\":\"https:\/\/chirodermatologie.ro\/medicii-nostri\/#breadcrumb\",\"itemListElement\":[{\"@type\":\"ListItem\",\"position\":1,\"name\":\"Home\",\"item\":\"https:\/\/chirodermatologie.ro\/\"},{\"@type\":\"ListItem\",\"position\":2,\"name\":\"Echipa noastr\u0103\"}]},{\"@type\":\"WebSite\",\"@id\":\"https:\/\/chirodermatologie.ro\/#website\",\"url\":\"https:\/\/chirodermatologie.ro\/\",\"name\":\"Chirodermatologie\",\"description\":\"Chirodermatologie\",\"publisher\":{\"@id\":\"https:\/\/chirodermatologie.ro\/#organization\"},\"potentialAction\":[{\"@type\":\"SearchAction\",\"target\":{\"@type\":\"EntryPoint\",\"urlTemplate\":\"https:\/\/chirodermatologie.ro\/?s={search_term_string}\"},\"query-input\":{\"@type\":\"PropertyValueSpecification\",\"valueRequired\":true,\"valueName\":\"search_term_string\"}}],\"inLanguage\":\"hu\"},{\"@type\":\"Organization\",\"@id\":\"https:\/\/chirodermatologie.ro\/#organization\",\"name\":\"Chirodermatologie\",\"url\":\"https:\/\/chirodermatologie.ro\/\",\"logo\":{\"@type\":\"ImageObject\",\"inLanguage\":\"hu\",\"@id\":\"https:\/\/chirodermatologie.ro\/#\/schema\/logo\/image\/\",\"url\":\"https:\/\/chirodermatologie.ro\/wp-content\/uploads\/2021\/12\/DERMA_LOGO-1.png\",\"contentUrl\":\"https:\/\/chirodermatologie.ro\/wp-content\/uploads\/2021\/12\/DERMA_LOGO-1.png\",\"width\":1000,\"height\":1000,\"caption\":\"Chirodermatologie\"},\"image\":{\"@id\":\"https:\/\/chirodermatologie.ro\/#\/schema\/logo\/image\/\"},\"sameAs\":[\"https:\/\/www.facebook.com\/Chirodermatologie\/?ref=pages_you_manage\",\"https:\/\/www.instagram.com\/chirodermatologie\/\"]}]}<\/script>\n<!-- \/ Yoast SEO plugin. -->","yoast_head_json":{"title":"Echipa Chiroderma - Dermatologie Mures - Medici specialisti","description":"Dermatologie Mures - clinica de dermatologie si medici specialisti. Medic dermatolog, echipa noastra Chirodermatologie in Targu Mures.","robots":{"index":"index","follow":"follow","max-snippet":"max-snippet:-1","max-image-preview":"max-image-preview:large","max-video-preview":"max-video-preview:-1"},"canonical":"https:\/\/chirodermatologie.ro\/hu\/medicii-nostri\/","og_locale":"hu_HU","og_type":"article","og_title":"Echipa Chiroderma - Dermatologie Mures - Medici specialisti","og_description":"Dermatologie Mures - clinica de dermatologie si medici specialisti. Medic dermatolog, echipa noastra Chirodermatologie in Targu Mures.","og_url":"https:\/\/chirodermatologie.ro\/hu\/medicii-nostri\/","og_site_name":"Chirodermatologie","article_publisher":"https:\/\/www.facebook.com\/Chirodermatologie\/?ref=pages_you_manage","article_modified_time":"2025-11-20T07:36:47+00:00","twitter_card":"summary_large_image","twitter_misc":{"Becs\u00fclt olvas\u00e1si id\u0151":"7 perc"},"schema":{"@context":"https:\/\/schema.org","@graph":[{"@type":"WebPage","@id":"https:\/\/chirodermatologie.ro\/medicii-nostri\/","url":"https:\/\/chirodermatologie.ro\/medicii-nostri\/","name":"Echipa Chiroderma - Dermatologie Mures - Medici specialisti","isPartOf":{"@id":"https:\/\/chirodermatologie.ro\/#website"},"datePublished":"2021-06-07T06:49:14+00:00","dateModified":"2025-11-20T07:36:47+00:00","description":"Dermatologie Mures - clinica de dermatologie si medici specialisti. Medic dermatolog, echipa noastra Chirodermatologie in Targu Mures.","breadcrumb":{"@id":"https:\/\/chirodermatologie.ro\/medicii-nostri\/#breadcrumb"},"inLanguage":"hu","potentialAction":[{"@type":"ReadAction","target":["https:\/\/chirodermatologie.ro\/medicii-nostri\/"]}]},{"@type":"BreadcrumbList","@id":"https:\/\/chirodermatologie.ro\/medicii-nostri\/#breadcrumb","itemListElement":[{"@type":"ListItem","position":1,"name":"Home","item":"https:\/\/chirodermatologie.ro\/"},{"@type":"ListItem","position":2,"name":"Echipa noastr\u0103"}]},{"@type":"WebSite","@id":"https:\/\/chirodermatologie.ro\/#website","url":"https:\/\/chirodermatologie.ro\/","name":"Chirodermatologie","description":"Chirodermatologie","publisher":{"@id":"https:\/\/chirodermatologie.ro\/#organization"},"potentialAction":[{"@type":"SearchAction","target":{"@type":"EntryPoint","urlTemplate":"https:\/\/chirodermatologie.ro\/?s={search_term_string}"},"query-input":{"@type":"PropertyValueSpecification","valueRequired":true,"valueName":"search_term_string"}}],"inLanguage":"hu"},{"@type":"Organization","@id":"https:\/\/chirodermatologie.ro\/#organization","name":"Chirodermatologie","url":"https:\/\/chirodermatologie.ro\/","logo":{"@type":"ImageObject","inLanguage":"hu","@id":"https:\/\/chirodermatologie.ro\/#\/schema\/logo\/image\/","url":"https:\/\/chirodermatologie.ro\/wp-content\/uploads\/2021\/12\/DERMA_LOGO-1.png","contentUrl":"https:\/\/chirodermatologie.ro\/wp-content\/uploads\/2021\/12\/DERMA_LOGO-1.png","width":1000,"height":1000,"caption":"Chirodermatologie"},"image":{"@id":"https:\/\/chirodermatologie.ro\/#\/schema\/logo\/image\/"},"sameAs":["https:\/\/www.facebook.com\/Chirodermatologie\/?ref=pages_you_manage","https:\/\/www.instagram.com\/chirodermatologie\/"]}]}},"_links":{"self":[{"href":"https:\/\/chirodermatologie.ro\/hu\/wp-json\/wp\/v2\/pages\/3208","targetHints":{"allow":["GET"]}}],"collection":[{"href":"https:\/\/chirodermatologie.ro\/hu\/wp-json\/wp\/v2\/pages"}],"about":[{"href":"https:\/\/chirodermatologie.ro\/hu\/wp-json\/wp\/v2\/types\/page"}],"author":[{"embeddable":true,"href":"https:\/\/chirodermatologie.ro\/hu\/wp-json\/wp\/v2\/users\/1"}],"replies":[{"embeddable":true,"href":"https:\/\/chirodermatologie.ro\/hu\/wp-json\/wp\/v2\/comments?post=3208"}],"version-history":[{"count":92,"href":"https:\/\/chirodermatologie.ro\/hu\/wp-json\/wp\/v2\/pages\/3208\/revisions"}],"predecessor-version":[{"id":4528,"href":"https:\/\/chirodermatologie.ro\/hu\/wp-json\/wp\/v2\/pages\/3208\/revisions\/4528"}],"wp:attachment":[{"href":"https:\/\/chirodermatologie.ro\/hu\/wp-json\/wp\/v2\/media?parent=3208"}],"curies":[{"name":"wp","href":"https:\/\/api.w.org\/{rel}","templated":true}]}}